{"id":1886,"date":"2016-07-20T08:31:08","date_gmt":"2016-07-20T13:31:08","guid":{"rendered":"https:\/\/rsrevista.org\/edicion97\/homepage-v6\/"},"modified":"2022-05-05T21:22:52","modified_gmt":"2022-05-06T02:22:52","slug":"inicio","status":"publish","type":"page","link":"https:\/\/rsrevista.org\/edicion97\/","title":{"rendered":"Inicio"},"content":{"rendered":"<section class=\"wpb-content-wrapper\"><p>[vc_row heading_color=\u00bblight\u00bb section_type=\u00bbfullwidth\u00bb bg_type=\u00bbcolor\u00bb padding_top_multiplier=\u00bbcustom\u00bb padding_bottom_multiplier=\u00bb\u00bb columns_gap=\u00bbnone\u00bb padding_top=\u00bb30&#8243; font_color=\u00bbrgba(255,255,255,0.8)\u00bb bg_color=\u00bb#212325&#8243;][vc_column]\t\t<div class=\"eut-element eut-blog eut-blog-columns eut-blog-grid eut-isotope eut-with-gap eut-with-shadow\" style=\"\" data-columns=\"4\" data-columns-large-screen=\"4\" data-columns-tablet-landscape=\"3\" data-columns-tablet-portrait=\"2\" data-columns-mobile=\"1\" data-layout=\"fitRows\" data-spinner=\"no\" data-gutter-size=\"40\">\r\n\t\t\t<div class=\"eut-isotope-container\">\r\n\t\t\t<article class=\"eut-blog-item eut-isotope-item post-5054 post type-post status-publish format-standard has-post-thumbnail hentry category-tema-central\" itemscope itemType=\"http:\/\/schema.org\/BlogPosting\">\r\n\t\t\t\t<div class=\"eut-blog-item-inner eut-isotope-item-inner\">\r\n\t\t\t\t\t\t\t\t\t\t\t\t\t<div class=\"eut-media eut-image-hover clearfix\">\r\n\t\t\t<a class=\"eut-post-link\" href=\"https:\/\/rsrevista.org\/edicion97\/talento-humano-en-la-nueva-realidad-laboral-20220428\/\"><\/a>\r\n\t\t\t<img loading=\"lazy\" decoding=\"async\" width=\"800\" height=\"450\" src=\"https:\/\/rsrevista.org\/edicion97\/wp-content\/uploads\/sites\/7\/2022\/05\/RS-97-07-1-800x450.jpg\" class=\"attachment-anemos-eutf-small-rect-horizontal-wide size-anemos-eutf-small-rect-horizontal-wide wp-post-image\" alt=\"\" srcset=\"https:\/\/rsrevista.org\/edicion97\/wp-content\/uploads\/sites\/7\/2022\/05\/RS-97-07-1-800x450.jpg 800w, https:\/\/rsrevista.org\/edicion97\/wp-content\/uploads\/sites\/7\/2022\/05\/RS-97-07-1-1170x658.jpg 1170w\" sizes=\"(max-width: 800px) 100vw, 800px\" \/>\t\t<\/div>\r\n\t\t\t\t\t\t<div class=\"eut-post-content-wrapper\">\r\n\t\t\t\t\t\t\t<div class=\"eut-post-content\">\r\n\t\t\t\t\t\t\t\t<div class=\"eut-post-header\">\r\n\t\t\t\t\t\t\t\t\t\t\t\t\t\t\t\t\t\t\t\t\t\t\t\t\t\t\t<div class=\"eut-small-text eut-post-date\">\t<time class=\"\" datetime=\"2022-04-28T07:00:00-05:00\">\r\n\t\tabril 28, 2022\t<\/time>\r\n<\/div>\r\n\t\t\t\t\t\t\t\t\t\t\t\t\t\t\t\t\t\t<a href=\"https:\/\/rsrevista.org\/edicion97\/talento-humano-en-la-nueva-realidad-laboral-20220428\/\" rel=\"bookmark\"><h2 class=\"eut-post-title eut-text-hover-primary-1 eut-h5\" itemprop=\"headline\">Talento Humano en la nueva realidad laboral<\/h2><\/a>\t\t\t\t\t\t\t\t\t\t\t<span class=\"eut-hidden\">\r\n\t\t\t<span class=\"eut-structured-data\" itemprop=\"image\" itemscope itemtype=\"http:\/\/schema.org\/ImageObject\">\r\n\t\t\t   <span itemprop='url' >https:\/\/rsrevista.org\/edicion97\/wp-content\/uploads\/sites\/7\/2022\/05\/RS-97-07-1.jpg<\/span>\r\n\t\t\t   <span itemprop='height' >1920<\/span>\r\n\t\t\t   <span itemprop='width' >1280<\/span>\r\n\t\t\t<\/span>\r\n\t\t\t\t\t\t<span class=\"eut-structured-data\" itemprop=\"author\" itemscope itemtype=\"http:\/\/schema.org\/Person\">\r\n\t\t\t\t<span itemprop=\"name\">Revista RS Edici\u00f3n 97<\/span>\r\n\t\t\t<\/span>\r\n\t\t\t<span class=\"eut-structured-data\" itemprop=\"publisher\" itemscope itemtype=\"http:\/\/schema.org\/Organization\">\r\n\t\t\t\t<span itemprop='name'>Revista RS Edici\u00f3n 97<\/span>\r\n\t\t\t\t<span itemprop='logo' itemscope itemtype='http:\/\/schema.org\/ImageObject'>\r\n\t\t\t\t\t<span itemprop='url'>https:\/\/rsrevista.org\/edicion97\/wp-content\/uploads\/sites\/7\/2022\/05\/RS-97-07-1.jpg<\/span>\r\n\t\t\t\t<\/span>\r\n\t\t\t<\/span>\r\n\t\t\t\t\t\t<time class=\"eut-structured-data\" itemprop=\"datePublished\" datetime=\"2022-04-28T07:00:00-05:00\">abril 28, 2022<\/time>\r\n\t\t\t<time class=\"eut-structured-data\" itemprop=\"dateModified\"  datetime=\"2022-04-28T17:08:25-05:00\">abril 28, 2022<\/time>\r\n\t\t\t<span class=\"eut-structured-data\" itemprop=\"mainEntityOfPage\" itemscope itemtype=\"http:\/\/schema.org\/WebPage\" itemid=\"https:\/\/rsrevista.org\/edicion97\/talento-humano-en-la-nueva-realidad-laboral-20220428\/\"><\/span>\r\n\t\t<\/span>\r\n\t\t\t\t\t\t\t\t\t<\/div>\r\n\t\t\t\t\t\t\t\t<div itemprop=\"articleBody\"><p><strong>Por<\/strong>: Jaime Guerrero, Director de Talento Humano en Compa\u00f1\u00edas Muzo &#8211; Colombia<\/p>\n<\/div>\t\t\t\t\t\t\t<\/div>\r\n\t\t\t\t\t\t\t\t\t\t\t\t\t<\/div>\r\n\t\t\t\t\t\r\n\t\t\t\t<\/div>\t\t\t<\/article>\r\n\r\n\t\t\t<article class=\"eut-blog-item eut-isotope-item post-5078 post type-post status-publish format-standard has-post-thumbnail hentry category-tema-central\" itemscope itemType=\"http:\/\/schema.org\/BlogPosting\">\r\n\t\t\t\t<div class=\"eut-blog-item-inner eut-isotope-item-inner\">\r\n\t\t\t\t\t\t\t\t\t\t\t\t\t<div class=\"eut-media eut-image-hover clearfix\">\r\n\t\t\t<a class=\"eut-post-link\" href=\"https:\/\/rsrevista.org\/edicion97\/nuevas-formas-de-trabajo-en-linea-con-la-sostenibilidad-20220428\/\"><\/a>\r\n\t\t\t<img loading=\"lazy\" decoding=\"async\" width=\"800\" height=\"450\" src=\"https:\/\/rsrevista.org\/edicion97\/wp-content\/uploads\/sites\/7\/2022\/05\/RS-97-10-1-800x450.jpg\" class=\"attachment-anemos-eutf-small-rect-horizontal-wide size-anemos-eutf-small-rect-horizontal-wide wp-post-image\" alt=\"\" srcset=\"https:\/\/rsrevista.org\/edicion97\/wp-content\/uploads\/sites\/7\/2022\/05\/RS-97-10-1-800x450.jpg 800w, https:\/\/rsrevista.org\/edicion97\/wp-content\/uploads\/sites\/7\/2022\/05\/RS-97-10-1-1170x658.jpg 1170w\" sizes=\"(max-width: 800px) 100vw, 800px\" \/>\t\t<\/div>\r\n\t\t\t\t\t\t<div class=\"eut-post-content-wrapper\">\r\n\t\t\t\t\t\t\t<div class=\"eut-post-content\">\r\n\t\t\t\t\t\t\t\t<div class=\"eut-post-header\">\r\n\t\t\t\t\t\t\t\t\t\t\t\t\t\t\t\t\t\t\t\t\t\t\t\t\t\t\t<div class=\"eut-small-text eut-post-date\">\t<time class=\"\" datetime=\"2022-04-28T07:00:00-05:00\">\r\n\t\tabril 28, 2022\t<\/time>\r\n<\/div>\r\n\t\t\t\t\t\t\t\t\t\t\t\t\t\t\t\t\t\t<a href=\"https:\/\/rsrevista.org\/edicion97\/nuevas-formas-de-trabajo-en-linea-con-la-sostenibilidad-20220428\/\" rel=\"bookmark\"><h2 class=\"eut-post-title eut-text-hover-primary-1 eut-h5\" itemprop=\"headline\">Nuevas formas de trabajo en l\u00ednea con la sostenibilidad<\/h2><\/a>\t\t\t\t\t\t\t\t\t\t\t<span class=\"eut-hidden\">\r\n\t\t\t<span class=\"eut-structured-data\" itemprop=\"image\" itemscope itemtype=\"http:\/\/schema.org\/ImageObject\">\r\n\t\t\t   <span itemprop='url' >https:\/\/rsrevista.org\/edicion97\/wp-content\/uploads\/sites\/7\/2022\/05\/RS-97-10-1.jpg<\/span>\r\n\t\t\t   <span itemprop='height' >1920<\/span>\r\n\t\t\t   <span itemprop='width' >1280<\/span>\r\n\t\t\t<\/span>\r\n\t\t\t\t\t\t<span class=\"eut-structured-data\" itemprop=\"author\" itemscope itemtype=\"http:\/\/schema.org\/Person\">\r\n\t\t\t\t<span itemprop=\"name\">Revista RS Edici\u00f3n 97<\/span>\r\n\t\t\t<\/span>\r\n\t\t\t<span class=\"eut-structured-data\" itemprop=\"publisher\" itemscope itemtype=\"http:\/\/schema.org\/Organization\">\r\n\t\t\t\t<span itemprop='name'>Revista RS Edici\u00f3n 97<\/span>\r\n\t\t\t\t<span itemprop='logo' itemscope itemtype='http:\/\/schema.org\/ImageObject'>\r\n\t\t\t\t\t<span itemprop='url'>https:\/\/rsrevista.org\/edicion97\/wp-content\/uploads\/sites\/7\/2022\/05\/RS-97-10-1.jpg<\/span>\r\n\t\t\t\t<\/span>\r\n\t\t\t<\/span>\r\n\t\t\t\t\t\t<time class=\"eut-structured-data\" itemprop=\"datePublished\" datetime=\"2022-04-28T07:00:00-05:00\">abril 28, 2022<\/time>\r\n\t\t\t<time class=\"eut-structured-data\" itemprop=\"dateModified\"  datetime=\"2022-04-28T17:18:32-05:00\">abril 28, 2022<\/time>\r\n\t\t\t<span class=\"eut-structured-data\" itemprop=\"mainEntityOfPage\" itemscope itemtype=\"http:\/\/schema.org\/WebPage\" itemid=\"https:\/\/rsrevista.org\/edicion97\/nuevas-formas-de-trabajo-en-linea-con-la-sostenibilidad-20220428\/\"><\/span>\r\n\t\t<\/span>\r\n\t\t\t\t\t\t\t\t\t<\/div>\r\n\t\t\t\t\t\t\t\t<div itemprop=\"articleBody\"><p><strong>Por<\/strong>: Natalia Posada Pe\u00f1a, Global Head of People Analytics,  The Adecco Group &#8211; Espa\u00f1a<\/p>\n<\/div>\t\t\t\t\t\t\t<\/div>\r\n\t\t\t\t\t\t\t\t\t\t\t\t\t<\/div>\r\n\t\t\t\t\t\r\n\t\t\t\t<\/div>\t\t\t<\/article>\r\n\r\n\t\t\t<article class=\"eut-blog-item eut-isotope-item post-5000 post type-post status-publish format-standard has-post-thumbnail hentry category-tema-central\" itemscope itemType=\"http:\/\/schema.org\/BlogPosting\">\r\n\t\t\t\t<div class=\"eut-blog-item-inner eut-isotope-item-inner\">\r\n\t\t\t\t\t\t\t\t\t\t\t\t\t<div class=\"eut-media eut-image-hover clearfix\">\r\n\t\t\t<a class=\"eut-post-link\" href=\"https:\/\/rsrevista.org\/edicion97\/buenas-practicas-laborales-y-sostenibles-con-enfoque-en-salud-mental-20220428\/\"><\/a>\r\n\t\t\t<img loading=\"lazy\" decoding=\"async\" width=\"800\" height=\"450\" src=\"https:\/\/rsrevista.org\/edicion97\/wp-content\/uploads\/sites\/7\/2022\/05\/RS-97-04-1-800x450.jpg\" class=\"attachment-anemos-eutf-small-rect-horizontal-wide size-anemos-eutf-small-rect-horizontal-wide wp-post-image\" alt=\"\" srcset=\"https:\/\/rsrevista.org\/edicion97\/wp-content\/uploads\/sites\/7\/2022\/05\/RS-97-04-1-800x450.jpg 800w, https:\/\/rsrevista.org\/edicion97\/wp-content\/uploads\/sites\/7\/2022\/05\/RS-97-04-1-1170x658.jpg 1170w\" sizes=\"(max-width: 800px) 100vw, 800px\" \/>\t\t<\/div>\r\n\t\t\t\t\t\t<div class=\"eut-post-content-wrapper\">\r\n\t\t\t\t\t\t\t<div class=\"eut-post-content\">\r\n\t\t\t\t\t\t\t\t<div class=\"eut-post-header\">\r\n\t\t\t\t\t\t\t\t\t\t\t\t\t\t\t\t\t\t\t\t\t\t\t\t\t\t\t<div class=\"eut-small-text eut-post-date\">\t<time class=\"\" datetime=\"2022-04-28T07:00:00-05:00\">\r\n\t\tabril 28, 2022\t<\/time>\r\n<\/div>\r\n\t\t\t\t\t\t\t\t\t\t\t\t\t\t\t\t\t\t<a href=\"https:\/\/rsrevista.org\/edicion97\/buenas-practicas-laborales-y-sostenibles-con-enfoque-en-salud-mental-20220428\/\" rel=\"bookmark\"><h2 class=\"eut-post-title eut-text-hover-primary-1 eut-h5\" itemprop=\"headline\">Buenas pr\u00e1cticas laborales y sostenibles con enfoque en salud mental<\/h2><\/a>\t\t\t\t\t\t\t\t\t\t\t<span class=\"eut-hidden\">\r\n\t\t\t<span class=\"eut-structured-data\" itemprop=\"image\" itemscope itemtype=\"http:\/\/schema.org\/ImageObject\">\r\n\t\t\t   <span itemprop='url' >https:\/\/rsrevista.org\/edicion97\/wp-content\/uploads\/sites\/7\/2022\/05\/RS-97-04-1.jpg<\/span>\r\n\t\t\t   <span itemprop='height' >1920<\/span>\r\n\t\t\t   <span itemprop='width' >1280<\/span>\r\n\t\t\t<\/span>\r\n\t\t\t\t\t\t<span class=\"eut-structured-data\" itemprop=\"author\" itemscope itemtype=\"http:\/\/schema.org\/Person\">\r\n\t\t\t\t<span itemprop=\"name\">Revista RS Edici\u00f3n 97<\/span>\r\n\t\t\t<\/span>\r\n\t\t\t<span class=\"eut-structured-data\" itemprop=\"publisher\" itemscope itemtype=\"http:\/\/schema.org\/Organization\">\r\n\t\t\t\t<span itemprop='name'>Revista RS Edici\u00f3n 97<\/span>\r\n\t\t\t\t<span itemprop='logo' itemscope itemtype='http:\/\/schema.org\/ImageObject'>\r\n\t\t\t\t\t<span itemprop='url'>https:\/\/rsrevista.org\/edicion97\/wp-content\/uploads\/sites\/7\/2022\/05\/RS-97-04-1.jpg<\/span>\r\n\t\t\t\t<\/span>\r\n\t\t\t<\/span>\r\n\t\t\t\t\t\t<time class=\"eut-structured-data\" itemprop=\"datePublished\" datetime=\"2022-04-28T07:00:00-05:00\">abril 28, 2022<\/time>\r\n\t\t\t<time class=\"eut-structured-data\" itemprop=\"dateModified\"  datetime=\"2022-04-28T17:00:32-05:00\">abril 28, 2022<\/time>\r\n\t\t\t<span class=\"eut-structured-data\" itemprop=\"mainEntityOfPage\" itemscope itemtype=\"http:\/\/schema.org\/WebPage\" itemid=\"https:\/\/rsrevista.org\/edicion97\/buenas-practicas-laborales-y-sostenibles-con-enfoque-en-salud-mental-20220428\/\"><\/span>\r\n\t\t<\/span>\r\n\t\t\t\t\t\t\t\t\t<\/div>\r\n\t\t\t\t\t\t\t\t<div itemprop=\"articleBody\"><p><strong>Por<\/strong>: Ver\u00f3nica Barrera Ram\u00edrez, Directora de Recursos Humanos de Procter &amp; Gamble &#8211; Colombia<\/p>\n<\/div>\t\t\t\t\t\t\t<\/div>\r\n\t\t\t\t\t\t\t\t\t\t\t\t\t<\/div>\r\n\t\t\t\t\t\r\n\t\t\t\t<\/div>\t\t\t<\/article>\r\n\r\n\t\t\t<article class=\"eut-blog-item eut-isotope-item post-4994 post type-post status-publish format-standard has-post-thumbnail hentry category-tema-central\" itemscope itemType=\"http:\/\/schema.org\/BlogPosting\">\r\n\t\t\t\t<div class=\"eut-blog-item-inner eut-isotope-item-inner\">\r\n\t\t\t\t\t\t\t\t\t\t\t\t\t<div class=\"eut-media eut-image-hover clearfix\">\r\n\t\t\t<a class=\"eut-post-link\" href=\"https:\/\/rsrevista.org\/edicion97\/transforma-a-tus-lideres-o-pierde-a-tus-talentos-20220428\/\"><\/a>\r\n\t\t\t<img loading=\"lazy\" decoding=\"async\" width=\"800\" height=\"450\" src=\"https:\/\/rsrevista.org\/edicion97\/wp-content\/uploads\/sites\/7\/2022\/05\/RS-97-03-1-800x450.jpg\" class=\"attachment-anemos-eutf-small-rect-horizontal-wide size-anemos-eutf-small-rect-horizontal-wide wp-post-image\" alt=\"\" srcset=\"https:\/\/rsrevista.org\/edicion97\/wp-content\/uploads\/sites\/7\/2022\/05\/RS-97-03-1-800x450.jpg 800w, https:\/\/rsrevista.org\/edicion97\/wp-content\/uploads\/sites\/7\/2022\/05\/RS-97-03-1-1170x658.jpg 1170w\" sizes=\"(max-width: 800px) 100vw, 800px\" \/>\t\t<\/div>\r\n\t\t\t\t\t\t<div class=\"eut-post-content-wrapper\">\r\n\t\t\t\t\t\t\t<div class=\"eut-post-content\">\r\n\t\t\t\t\t\t\t\t<div class=\"eut-post-header\">\r\n\t\t\t\t\t\t\t\t\t\t\t\t\t\t\t\t\t\t\t\t\t\t\t\t\t\t\t<div class=\"eut-small-text eut-post-date\">\t<time class=\"\" datetime=\"2022-04-28T07:00:00-05:00\">\r\n\t\tabril 28, 2022\t<\/time>\r\n<\/div>\r\n\t\t\t\t\t\t\t\t\t\t\t\t\t\t\t\t\t\t<a href=\"https:\/\/rsrevista.org\/edicion97\/transforma-a-tus-lideres-o-pierde-a-tus-talentos-20220428\/\" rel=\"bookmark\"><h2 class=\"eut-post-title eut-text-hover-primary-1 eut-h5\" itemprop=\"headline\">\u00a1Transforma a tus l\u00edderes o pierde a tus talentos!<\/h2><\/a>\t\t\t\t\t\t\t\t\t\t\t<span class=\"eut-hidden\">\r\n\t\t\t<span class=\"eut-structured-data\" itemprop=\"image\" itemscope itemtype=\"http:\/\/schema.org\/ImageObject\">\r\n\t\t\t   <span itemprop='url' >https:\/\/rsrevista.org\/edicion97\/wp-content\/uploads\/sites\/7\/2022\/05\/RS-97-03-1.jpg<\/span>\r\n\t\t\t   <span itemprop='height' >1920<\/span>\r\n\t\t\t   <span itemprop='width' >1280<\/span>\r\n\t\t\t<\/span>\r\n\t\t\t\t\t\t<span class=\"eut-structured-data\" itemprop=\"author\" itemscope itemtype=\"http:\/\/schema.org\/Person\">\r\n\t\t\t\t<span itemprop=\"name\">Revista RS Edici\u00f3n 97<\/span>\r\n\t\t\t<\/span>\r\n\t\t\t<span class=\"eut-structured-data\" itemprop=\"publisher\" itemscope itemtype=\"http:\/\/schema.org\/Organization\">\r\n\t\t\t\t<span itemprop='name'>Revista RS Edici\u00f3n 97<\/span>\r\n\t\t\t\t<span itemprop='logo' itemscope itemtype='http:\/\/schema.org\/ImageObject'>\r\n\t\t\t\t\t<span itemprop='url'>https:\/\/rsrevista.org\/edicion97\/wp-content\/uploads\/sites\/7\/2022\/05\/RS-97-03-1.jpg<\/span>\r\n\t\t\t\t<\/span>\r\n\t\t\t<\/span>\r\n\t\t\t\t\t\t<time class=\"eut-structured-data\" itemprop=\"datePublished\" datetime=\"2022-04-28T07:00:00-05:00\">abril 28, 2022<\/time>\r\n\t\t\t<time class=\"eut-structured-data\" itemprop=\"dateModified\"  datetime=\"2022-04-28T16:59:27-05:00\">abril 28, 2022<\/time>\r\n\t\t\t<span class=\"eut-structured-data\" itemprop=\"mainEntityOfPage\" itemscope itemtype=\"http:\/\/schema.org\/WebPage\" itemid=\"https:\/\/rsrevista.org\/edicion97\/transforma-a-tus-lideres-o-pierde-a-tus-talentos-20220428\/\"><\/span>\r\n\t\t<\/span>\r\n\t\t\t\t\t\t\t\t\t<\/div>\r\n\t\t\t\t\t\t\t\t<div itemprop=\"articleBody\"><p><strong>Por<\/strong>: Claudia Palacio, Master en Crecimiento Profesional y Personal &#8211; Colombia<\/p>\n<\/div>\t\t\t\t\t\t\t<\/div>\r\n\t\t\t\t\t\t\t\t\t\t\t\t\t<\/div>\r\n\t\t\t\t\t\r\n\t\t\t\t<\/div>\t\t\t<\/article>\r\n\r\n\t\t\t<article class=\"eut-blog-item eut-isotope-item post-5048 post type-post status-publish format-standard has-post-thumbnail hentry category-tema-central\" itemscope itemType=\"http:\/\/schema.org\/BlogPosting\">\r\n\t\t\t\t<div class=\"eut-blog-item-inner eut-isotope-item-inner\">\r\n\t\t\t\t\t\t\t\t\t\t\t\t\t<div class=\"eut-media eut-image-hover clearfix\">\r\n\t\t\t<a class=\"eut-post-link\" href=\"https:\/\/rsrevista.org\/edicion97\/trabajos-hibridos-salud-mental-y-bienestar-laboral-20220428\/\"><\/a>\r\n\t\t\t<img loading=\"lazy\" decoding=\"async\" width=\"800\" height=\"450\" src=\"https:\/\/rsrevista.org\/edicion97\/wp-content\/uploads\/sites\/7\/2022\/05\/RS-97-06-1-800x450.jpg\" class=\"attachment-anemos-eutf-small-rect-horizontal-wide size-anemos-eutf-small-rect-horizontal-wide wp-post-image\" alt=\"\" srcset=\"https:\/\/rsrevista.org\/edicion97\/wp-content\/uploads\/sites\/7\/2022\/05\/RS-97-06-1-800x450.jpg 800w, https:\/\/rsrevista.org\/edicion97\/wp-content\/uploads\/sites\/7\/2022\/05\/RS-97-06-1-1170x658.jpg 1170w\" sizes=\"(max-width: 800px) 100vw, 800px\" \/>\t\t<\/div>\r\n\t\t\t\t\t\t<div class=\"eut-post-content-wrapper\">\r\n\t\t\t\t\t\t\t<div class=\"eut-post-content\">\r\n\t\t\t\t\t\t\t\t<div class=\"eut-post-header\">\r\n\t\t\t\t\t\t\t\t\t\t\t\t\t\t\t\t\t\t\t\t\t\t\t\t\t\t\t<div class=\"eut-small-text eut-post-date\">\t<time class=\"\" datetime=\"2022-04-28T07:00:00-05:00\">\r\n\t\tabril 28, 2022\t<\/time>\r\n<\/div>\r\n\t\t\t\t\t\t\t\t\t\t\t\t\t\t\t\t\t\t<a href=\"https:\/\/rsrevista.org\/edicion97\/trabajos-hibridos-salud-mental-y-bienestar-laboral-20220428\/\" rel=\"bookmark\"><h2 class=\"eut-post-title eut-text-hover-primary-1 eut-h5\" itemprop=\"headline\">Trabajos h\u00edbridos: salud mental y bienestar laboral<\/h2><\/a>\t\t\t\t\t\t\t\t\t\t\t<span class=\"eut-hidden\">\r\n\t\t\t<span class=\"eut-structured-data\" itemprop=\"image\" itemscope itemtype=\"http:\/\/schema.org\/ImageObject\">\r\n\t\t\t   <span itemprop='url' >https:\/\/rsrevista.org\/edicion97\/wp-content\/uploads\/sites\/7\/2022\/05\/RS-97-06-1.jpg<\/span>\r\n\t\t\t   <span itemprop='height' >1920<\/span>\r\n\t\t\t   <span itemprop='width' >1280<\/span>\r\n\t\t\t<\/span>\r\n\t\t\t\t\t\t<span class=\"eut-structured-data\" itemprop=\"author\" itemscope itemtype=\"http:\/\/schema.org\/Person\">\r\n\t\t\t\t<span itemprop=\"name\">Revista RS Edici\u00f3n 97<\/span>\r\n\t\t\t<\/span>\r\n\t\t\t<span class=\"eut-structured-data\" itemprop=\"publisher\" itemscope itemtype=\"http:\/\/schema.org\/Organization\">\r\n\t\t\t\t<span itemprop='name'>Revista RS Edici\u00f3n 97<\/span>\r\n\t\t\t\t<span itemprop='logo' itemscope itemtype='http:\/\/schema.org\/ImageObject'>\r\n\t\t\t\t\t<span itemprop='url'>https:\/\/rsrevista.org\/edicion97\/wp-content\/uploads\/sites\/7\/2022\/05\/RS-97-06-1.jpg<\/span>\r\n\t\t\t\t<\/span>\r\n\t\t\t<\/span>\r\n\t\t\t\t\t\t<time class=\"eut-structured-data\" itemprop=\"datePublished\" datetime=\"2022-04-28T07:00:00-05:00\">abril 28, 2022<\/time>\r\n\t\t\t<time class=\"eut-structured-data\" itemprop=\"dateModified\"  datetime=\"2022-04-28T17:17:09-05:00\">abril 28, 2022<\/time>\r\n\t\t\t<span class=\"eut-structured-data\" itemprop=\"mainEntityOfPage\" itemscope itemtype=\"http:\/\/schema.org\/WebPage\" itemid=\"https:\/\/rsrevista.org\/edicion97\/trabajos-hibridos-salud-mental-y-bienestar-laboral-20220428\/\"><\/span>\r\n\t\t<\/span>\r\n\t\t\t\t\t\t\t\t\t<\/div>\r\n\t\t\t\t\t\t\t\t<div itemprop=\"articleBody\"><p><strong>Por<\/strong>: Daniel Montalvo Figueroa, Vicepresidente de Recursos Humanos en Banco Diners Club &#8211; Ecuador<\/p>\n<\/div>\t\t\t\t\t\t\t<\/div>\r\n\t\t\t\t\t\t\t\t\t\t\t\t\t<\/div>\r\n\t\t\t\t\t\r\n\t\t\t\t<\/div>\t\t\t<\/article>\r\n\r\n\t\t\t<article class=\"eut-blog-item eut-isotope-item post-5132 post type-post status-publish format-standard has-post-thumbnail hentry category-tema-central\" itemscope itemType=\"http:\/\/schema.org\/BlogPosting\">\r\n\t\t\t\t<div class=\"eut-blog-item-inner eut-isotope-item-inner\">\r\n\t\t\t\t\t\t\t\t\t\t\t\t\t<div class=\"eut-media eut-image-hover clearfix\">\r\n\t\t\t<a class=\"eut-post-link\" href=\"https:\/\/rsrevista.org\/edicion97\/buenas-practicas-laborales-la-importancia-de-la-comunicacion-20220428\/\"><\/a>\r\n\t\t\t<img loading=\"lazy\" decoding=\"async\" width=\"800\" height=\"450\" src=\"https:\/\/rsrevista.org\/edicion97\/wp-content\/uploads\/sites\/7\/2022\/05\/RS-97-13-1-800x450.jpg\" class=\"attachment-anemos-eutf-small-rect-horizontal-wide size-anemos-eutf-small-rect-horizontal-wide wp-post-image\" alt=\"\" srcset=\"https:\/\/rsrevista.org\/edicion97\/wp-content\/uploads\/sites\/7\/2022\/05\/RS-97-13-1-800x450.jpg 800w, https:\/\/rsrevista.org\/edicion97\/wp-content\/uploads\/sites\/7\/2022\/05\/RS-97-13-1-1170x658.jpg 1170w\" sizes=\"(max-width: 800px) 100vw, 800px\" \/>\t\t<\/div>\r\n\t\t\t\t\t\t<div class=\"eut-post-content-wrapper\">\r\n\t\t\t\t\t\t\t<div class=\"eut-post-content\">\r\n\t\t\t\t\t\t\t\t<div class=\"eut-post-header\">\r\n\t\t\t\t\t\t\t\t\t\t\t\t\t\t\t\t\t\t\t\t\t\t\t\t\t\t\t<div class=\"eut-small-text eut-post-date\">\t<time class=\"\" datetime=\"2022-04-28T07:00:00-05:00\">\r\n\t\tabril 28, 2022\t<\/time>\r\n<\/div>\r\n\t\t\t\t\t\t\t\t\t\t\t\t\t\t\t\t\t\t<a href=\"https:\/\/rsrevista.org\/edicion97\/buenas-practicas-laborales-la-importancia-de-la-comunicacion-20220428\/\" rel=\"bookmark\"><h2 class=\"eut-post-title eut-text-hover-primary-1 eut-h5\" itemprop=\"headline\">Buenas pr\u00e1cticas laborales: la importancia de la comunicaci\u00f3n<\/h2><\/a>\t\t\t\t\t\t\t\t\t\t\t<span class=\"eut-hidden\">\r\n\t\t\t<span class=\"eut-structured-data\" itemprop=\"image\" itemscope itemtype=\"http:\/\/schema.org\/ImageObject\">\r\n\t\t\t   <span itemprop='url' >https:\/\/rsrevista.org\/edicion97\/wp-content\/uploads\/sites\/7\/2022\/05\/RS-97-13-1.jpg<\/span>\r\n\t\t\t   <span itemprop='height' >1920<\/span>\r\n\t\t\t   <span itemprop='width' >1280<\/span>\r\n\t\t\t<\/span>\r\n\t\t\t\t\t\t<span class=\"eut-structured-data\" itemprop=\"author\" itemscope itemtype=\"http:\/\/schema.org\/Person\">\r\n\t\t\t\t<span itemprop=\"name\">Revista RS Edici\u00f3n 97<\/span>\r\n\t\t\t<\/span>\r\n\t\t\t<span class=\"eut-structured-data\" itemprop=\"publisher\" itemscope itemtype=\"http:\/\/schema.org\/Organization\">\r\n\t\t\t\t<span itemprop='name'>Revista RS Edici\u00f3n 97<\/span>\r\n\t\t\t\t<span itemprop='logo' itemscope itemtype='http:\/\/schema.org\/ImageObject'>\r\n\t\t\t\t\t<span itemprop='url'>https:\/\/rsrevista.org\/edicion97\/wp-content\/uploads\/sites\/7\/2022\/05\/RS-97-13-1.jpg<\/span>\r\n\t\t\t\t<\/span>\r\n\t\t\t<\/span>\r\n\t\t\t\t\t\t<time class=\"eut-structured-data\" itemprop=\"datePublished\" datetime=\"2022-04-28T07:00:00-05:00\">abril 28, 2022<\/time>\r\n\t\t\t<time class=\"eut-structured-data\" itemprop=\"dateModified\"  datetime=\"2022-04-28T17:06:39-05:00\">abril 28, 2022<\/time>\r\n\t\t\t<span class=\"eut-structured-data\" itemprop=\"mainEntityOfPage\" itemscope itemtype=\"http:\/\/schema.org\/WebPage\" itemid=\"https:\/\/rsrevista.org\/edicion97\/buenas-practicas-laborales-la-importancia-de-la-comunicacion-20220428\/\"><\/span>\r\n\t\t<\/span>\r\n\t\t\t\t\t\t\t\t\t<\/div>\r\n\t\t\t\t\t\t\t\t<div itemprop=\"articleBody\"><p><strong>Por<\/strong>: Roxana Pantoja S\u00e1nchez, Gerente Corporativo en Laboratorios Lansier &#8211; Per\u00fa<\/p>\n<\/div>\t\t\t\t\t\t\t<\/div>\r\n\t\t\t\t\t\t\t\t\t\t\t\t\t<\/div>\r\n\t\t\t\t\t\r\n\t\t\t\t<\/div>\t\t\t<\/article>\r\n\r\n\t\t\t<article class=\"eut-blog-item eut-isotope-item post-5088 post type-post status-publish format-standard has-post-thumbnail hentry category-tema-central\" itemscope itemType=\"http:\/\/schema.org\/BlogPosting\">\r\n\t\t\t\t<div class=\"eut-blog-item-inner eut-isotope-item-inner\">\r\n\t\t\t\t\t\t\t\t\t\t\t\t\t<div class=\"eut-media eut-image-hover clearfix\">\r\n\t\t\t<a class=\"eut-post-link\" href=\"https:\/\/rsrevista.org\/edicion97\/buenas-practicas-laborales-y-sostenibles-una-reflexion-a-2-anos-del-inicio-de-la-pandemia-20220428\/\"><\/a>\r\n\t\t\t<img loading=\"lazy\" decoding=\"async\" width=\"800\" height=\"450\" src=\"https:\/\/rsrevista.org\/edicion97\/wp-content\/uploads\/sites\/7\/2022\/05\/RS-97-11-1-800x450.jpg\" class=\"attachment-anemos-eutf-small-rect-horizontal-wide size-anemos-eutf-small-rect-horizontal-wide wp-post-image\" alt=\"\" srcset=\"https:\/\/rsrevista.org\/edicion97\/wp-content\/uploads\/sites\/7\/2022\/05\/RS-97-11-1-800x450.jpg 800w, https:\/\/rsrevista.org\/edicion97\/wp-content\/uploads\/sites\/7\/2022\/05\/RS-97-11-1-1170x658.jpg 1170w\" sizes=\"(max-width: 800px) 100vw, 800px\" \/>\t\t<\/div>\r\n\t\t\t\t\t\t<div class=\"eut-post-content-wrapper\">\r\n\t\t\t\t\t\t\t<div class=\"eut-post-content\">\r\n\t\t\t\t\t\t\t\t<div class=\"eut-post-header\">\r\n\t\t\t\t\t\t\t\t\t\t\t\t\t\t\t\t\t\t\t\t\t\t\t\t\t\t\t<div class=\"eut-small-text eut-post-date\">\t<time class=\"\" datetime=\"2022-04-28T07:00:00-05:00\">\r\n\t\tabril 28, 2022\t<\/time>\r\n<\/div>\r\n\t\t\t\t\t\t\t\t\t\t\t\t\t\t\t\t\t\t<a href=\"https:\/\/rsrevista.org\/edicion97\/buenas-practicas-laborales-y-sostenibles-una-reflexion-a-2-anos-del-inicio-de-la-pandemia-20220428\/\" rel=\"bookmark\"><h2 class=\"eut-post-title eut-text-hover-primary-1 eut-h5\" itemprop=\"headline\">Buenas pr\u00e1cticas laborales y sostenibles, una reflexi\u00f3n a 2 a\u00f1os del inicio de la Pandemia<\/h2><\/a>\t\t\t\t\t\t\t\t\t\t\t<span class=\"eut-hidden\">\r\n\t\t\t<span class=\"eut-structured-data\" itemprop=\"image\" itemscope itemtype=\"http:\/\/schema.org\/ImageObject\">\r\n\t\t\t   <span itemprop='url' >https:\/\/rsrevista.org\/edicion97\/wp-content\/uploads\/sites\/7\/2022\/05\/RS-97-11-1.jpg<\/span>\r\n\t\t\t   <span itemprop='height' >1920<\/span>\r\n\t\t\t   <span itemprop='width' >1280<\/span>\r\n\t\t\t<\/span>\r\n\t\t\t\t\t\t<span class=\"eut-structured-data\" itemprop=\"author\" itemscope itemtype=\"http:\/\/schema.org\/Person\">\r\n\t\t\t\t<span itemprop=\"name\">Revista RS Edici\u00f3n 97<\/span>\r\n\t\t\t<\/span>\r\n\t\t\t<span class=\"eut-structured-data\" itemprop=\"publisher\" itemscope itemtype=\"http:\/\/schema.org\/Organization\">\r\n\t\t\t\t<span itemprop='name'>Revista RS Edici\u00f3n 97<\/span>\r\n\t\t\t\t<span itemprop='logo' itemscope itemtype='http:\/\/schema.org\/ImageObject'>\r\n\t\t\t\t\t<span itemprop='url'>https:\/\/rsrevista.org\/edicion97\/wp-content\/uploads\/sites\/7\/2022\/05\/RS-97-11-1.jpg<\/span>\r\n\t\t\t\t<\/span>\r\n\t\t\t<\/span>\r\n\t\t\t\t\t\t<time class=\"eut-structured-data\" itemprop=\"datePublished\" datetime=\"2022-04-28T07:00:00-05:00\">abril 28, 2022<\/time>\r\n\t\t\t<time class=\"eut-structured-data\" itemprop=\"dateModified\"  datetime=\"2022-04-28T17:03:44-05:00\">abril 28, 2022<\/time>\r\n\t\t\t<span class=\"eut-structured-data\" itemprop=\"mainEntityOfPage\" itemscope itemtype=\"http:\/\/schema.org\/WebPage\" itemid=\"https:\/\/rsrevista.org\/edicion97\/buenas-practicas-laborales-y-sostenibles-una-reflexion-a-2-anos-del-inicio-de-la-pandemia-20220428\/\"><\/span>\r\n\t\t<\/span>\r\n\t\t\t\t\t\t\t\t\t<\/div>\r\n\t\t\t\t\t\t\t\t<div itemprop=\"articleBody\"><p><strong>Por<\/strong>: Felipe Pizarro Z\u00fa\u00f1iga, Gerente de Recursos Humanos de Hatch Ingenieros y Consultores Limitada \u2013 Chile<\/p>\n<\/div>\t\t\t\t\t\t\t<\/div>\r\n\t\t\t\t\t\t\t\t\t\t\t\t\t<\/div>\r\n\t\t\t\t\t\r\n\t\t\t\t<\/div>\t\t\t<\/article>\r\n\r\n\t\t\t<article class=\"eut-blog-item eut-isotope-item post-5115 post type-post status-publish format-standard has-post-thumbnail hentry category-tema-central\" itemscope itemType=\"http:\/\/schema.org\/BlogPosting\">\r\n\t\t\t\t<div class=\"eut-blog-item-inner eut-isotope-item-inner\">\r\n\t\t\t\t\t\t\t\t\t\t\t\t\t<div class=\"eut-media eut-image-hover clearfix\">\r\n\t\t\t<a class=\"eut-post-link\" href=\"https:\/\/rsrevista.org\/edicion97\/gestion-humana-y-sostenibilidad-buenas-practicas-laborales-20220428\/\"><\/a>\r\n\t\t\t<img loading=\"lazy\" decoding=\"async\" width=\"800\" height=\"450\" src=\"https:\/\/rsrevista.org\/edicion97\/wp-content\/uploads\/sites\/7\/2022\/05\/RS-97-12-1-800x450.jpg\" class=\"attachment-anemos-eutf-small-rect-horizontal-wide size-anemos-eutf-small-rect-horizontal-wide wp-post-image\" alt=\"\" srcset=\"https:\/\/rsrevista.org\/edicion97\/wp-content\/uploads\/sites\/7\/2022\/05\/RS-97-12-1-800x450.jpg 800w, https:\/\/rsrevista.org\/edicion97\/wp-content\/uploads\/sites\/7\/2022\/05\/RS-97-12-1-1170x658.jpg 1170w\" sizes=\"(max-width: 800px) 100vw, 800px\" \/>\t\t<\/div>\r\n\t\t\t\t\t\t<div class=\"eut-post-content-wrapper\">\r\n\t\t\t\t\t\t\t<div class=\"eut-post-content\">\r\n\t\t\t\t\t\t\t\t<div class=\"eut-post-header\">\r\n\t\t\t\t\t\t\t\t\t\t\t\t\t\t\t\t\t\t\t\t\t\t\t\t\t\t\t<div class=\"eut-small-text eut-post-date\">\t<time class=\"\" datetime=\"2022-04-28T07:00:00-05:00\">\r\n\t\tabril 28, 2022\t<\/time>\r\n<\/div>\r\n\t\t\t\t\t\t\t\t\t\t\t\t\t\t\t\t\t\t<a href=\"https:\/\/rsrevista.org\/edicion97\/gestion-humana-y-sostenibilidad-buenas-practicas-laborales-20220428\/\" rel=\"bookmark\"><h2 class=\"eut-post-title eut-text-hover-primary-1 eut-h5\" itemprop=\"headline\">Gesti\u00f3n Humana y Sostenibilidad: buenas pr\u00e1cticas laborales<\/h2><\/a>\t\t\t\t\t\t\t\t\t\t\t<span class=\"eut-hidden\">\r\n\t\t\t<span class=\"eut-structured-data\" itemprop=\"image\" itemscope itemtype=\"http:\/\/schema.org\/ImageObject\">\r\n\t\t\t   <span itemprop='url' >https:\/\/rsrevista.org\/edicion97\/wp-content\/uploads\/sites\/7\/2022\/05\/RS-97-12-1.jpg<\/span>\r\n\t\t\t   <span itemprop='height' >1920<\/span>\r\n\t\t\t   <span itemprop='width' >1280<\/span>\r\n\t\t\t<\/span>\r\n\t\t\t\t\t\t<span class=\"eut-structured-data\" itemprop=\"author\" itemscope itemtype=\"http:\/\/schema.org\/Person\">\r\n\t\t\t\t<span itemprop=\"name\">Revista RS Edici\u00f3n 97<\/span>\r\n\t\t\t<\/span>\r\n\t\t\t<span class=\"eut-structured-data\" itemprop=\"publisher\" itemscope itemtype=\"http:\/\/schema.org\/Organization\">\r\n\t\t\t\t<span itemprop='name'>Revista RS Edici\u00f3n 97<\/span>\r\n\t\t\t\t<span itemprop='logo' itemscope itemtype='http:\/\/schema.org\/ImageObject'>\r\n\t\t\t\t\t<span itemprop='url'>https:\/\/rsrevista.org\/edicion97\/wp-content\/uploads\/sites\/7\/2022\/05\/RS-97-12-1.jpg<\/span>\r\n\t\t\t\t<\/span>\r\n\t\t\t<\/span>\r\n\t\t\t\t\t\t<time class=\"eut-structured-data\" itemprop=\"datePublished\" datetime=\"2022-04-28T07:00:00-05:00\">abril 28, 2022<\/time>\r\n\t\t\t<time class=\"eut-structured-data\" itemprop=\"dateModified\"  datetime=\"2022-04-28T17:05:00-05:00\">abril 28, 2022<\/time>\r\n\t\t\t<span class=\"eut-structured-data\" itemprop=\"mainEntityOfPage\" itemscope itemtype=\"http:\/\/schema.org\/WebPage\" itemid=\"https:\/\/rsrevista.org\/edicion97\/gestion-humana-y-sostenibilidad-buenas-practicas-laborales-20220428\/\"><\/span>\r\n\t\t<\/span>\r\n\t\t\t\t\t\t\t\t\t<\/div>\r\n\t\t\t\t\t\t\t\t<div itemprop=\"articleBody\"><p><strong>Por<\/strong>: Nilton C\u00e9sar Chumacero Calle, CEO,  Happy Talent by Nilton Calle &#8211; Per\u00fa<\/p>\n<\/div>\t\t\t\t\t\t\t<\/div>\r\n\t\t\t\t\t\t\t\t\t\t\t\t\t<\/div>\r\n\t\t\t\t\t\r\n\t\t\t\t<\/div>\t\t\t<\/article>\r\n\r\n\t\t\t<\/div>\r\n\t\t<\/div>\r\n[\/vc_column][\/vc_row][vc_row section_type=\u00bbfullwidth\u00bb][vc_column width=\u00bb1\/3&#8243; css=\u00bb.vc_custom_1596303111450{background-position: center !important;background-repeat: no-repeat !important;background-size: cover !important;}\u00bb]<div class=\"eut-element eut-image featured-image-category eut-align-center\" style=\"\"><a href=\"https:\/\/rsrevista.org\/edicion97\/caso-rs-20220428\/\" target=\"_self\" class=\" \"><img loading=\"lazy\" decoding=\"async\" width=\"2300\" height=\"1294\" src=\"https:\/\/rsrevista.org\/edicion97\/wp-content\/uploads\/sites\/7\/2022\/04\/CASO-RS-97-1-1.png\" class=\"attachment-full size-full\" alt=\"\" srcset=\"https:\/\/rsrevista.org\/edicion97\/wp-content\/uploads\/sites\/7\/2022\/04\/CASO-RS-97-1-1.png 2300w, https:\/\/rsrevista.org\/edicion97\/wp-content\/uploads\/sites\/7\/2022\/04\/CASO-RS-97-1-1-300x169.png 300w, https:\/\/rsrevista.org\/edicion97\/wp-content\/uploads\/sites\/7\/2022\/04\/CASO-RS-97-1-1-1024x576.png 1024w, https:\/\/rsrevista.org\/edicion97\/wp-content\/uploads\/sites\/7\/2022\/04\/CASO-RS-97-1-1-768x432.png 768w, https:\/\/rsrevista.org\/edicion97\/wp-content\/uploads\/sites\/7\/2022\/04\/CASO-RS-97-1-1-1536x864.png 1536w, https:\/\/rsrevista.org\/edicion97\/wp-content\/uploads\/sites\/7\/2022\/04\/CASO-RS-97-1-1-1170x658.png 1170w, https:\/\/rsrevista.org\/edicion97\/wp-content\/uploads\/sites\/7\/2022\/04\/CASO-RS-97-1-1-800x450.png 800w, https:\/\/rsrevista.org\/edicion97\/wp-content\/uploads\/sites\/7\/2022\/04\/CASO-RS-97-1-1-1920x1080.png 1920w\" sizes=\"(max-width: 2300px) 100vw, 2300px\" \/><\/a><\/div>[\/vc_column][vc_column width=\u00bb1\/3&#8243; css=\u00bb.vc_custom_1596303217200{background-position: center !important;background-repeat: no-repeat !important;background-size: cover !important;}\u00bb]<div class=\"eut-element eut-image featured-image-category eut-align-center\" style=\"\"><a href=\"https:\/\/rsrevista.org\/edicion97\/secciones\/opinion\/diversidad\/\" target=\"_self\" class=\" \"><img loading=\"lazy\" decoding=\"async\" width=\"600\" height=\"338\" src=\"https:\/\/rsrevista.org\/edicion97\/wp-content\/uploads\/sites\/7\/2020\/08\/banner-diversidad-600x338-1.jpg\" class=\"attachment-full size-full\" alt=\"\" srcset=\"https:\/\/rsrevista.org\/edicion97\/wp-content\/uploads\/sites\/7\/2020\/08\/banner-diversidad-600x338-1.jpg 600w, https:\/\/rsrevista.org\/edicion97\/wp-content\/uploads\/sites\/7\/2020\/08\/banner-diversidad-600x338-1-300x169.jpg 300w\" sizes=\"(max-width: 600px) 100vw, 600px\" \/><\/a><\/div>[\/vc_column][vc_column width=\u00bb1\/3&#8243; css=\u00bb.vc_custom_1596303236945{background-position: center !important;background-repeat: no-repeat !important;background-size: cover !important;}\u00bb]<div class=\"eut-element eut-image featured-image-category eut-align-center\" style=\"\"><a href=\"https:\/\/rsrevista.org\/edicion97\/secciones\/informacion-de-valor\/creando-valor\/\" target=\"_self\" class=\" \"><img loading=\"lazy\" decoding=\"async\" width=\"600\" height=\"338\" src=\"https:\/\/rsrevista.org\/edicion97\/wp-content\/uploads\/sites\/7\/2020\/08\/banner-creando-valor-600x338-1.jpg\" class=\"attachment-full size-full\" alt=\"\" srcset=\"https:\/\/rsrevista.org\/edicion97\/wp-content\/uploads\/sites\/7\/2020\/08\/banner-creando-valor-600x338-1.jpg 600w, https:\/\/rsrevista.org\/edicion97\/wp-content\/uploads\/sites\/7\/2020\/08\/banner-creando-valor-600x338-1-300x169.jpg 300w\" sizes=\"(max-width: 600px) 100vw, 600px\" \/><\/a><\/div>[\/vc_column][\/vc_row][vc_row section_type=\u00bbfullwidth\u00bb][vc_column width=\u00bb1\/3&#8243; css=\u00bb.vc_custom_1596303111450{background-position: center !important;background-repeat: no-repeat !important;background-size: cover !important;}\u00bb]<div class=\"eut-element eut-image featured-image-category eut-align-center\" style=\"\"><a href=\"https:\/\/rsrevista.org\/edicion97\/secciones\/informacion-de-valor\/informacion-responsable\/\" target=\"_self\" class=\" \"><img loading=\"lazy\" decoding=\"async\" width=\"600\" height=\"338\" src=\"https:\/\/rsrevista.org\/edicion97\/wp-content\/uploads\/sites\/7\/2020\/08\/banner-informacion-responsable-600x338-1.jpg\" class=\"attachment-full size-full\" alt=\"\" srcset=\"https:\/\/rsrevista.org\/edicion97\/wp-content\/uploads\/sites\/7\/2020\/08\/banner-informacion-responsable-600x338-1.jpg 600w, https:\/\/rsrevista.org\/edicion97\/wp-content\/uploads\/sites\/7\/2020\/08\/banner-informacion-responsable-600x338-1-300x169.jpg 300w\" sizes=\"(max-width: 600px) 100vw, 600px\" \/><\/a><\/div>[\/vc_column][vc_column width=\u00bb1\/3&#8243; css=\u00bb.vc_custom_1596303217200{background-position: center !important;background-repeat: no-repeat !important;background-size: cover !important;}\u00bb]<div class=\"eut-element eut-image featured-image-category eut-align-center\" style=\"\"><a href=\"https:\/\/rsrevista.org\/edicion96\/secciones\/informacion-de-valor\/eventos\/\" target=\"_self\" class=\" \"><img loading=\"lazy\" decoding=\"async\" width=\"600\" height=\"337\" src=\"https:\/\/rsrevista.org\/edicion97\/wp-content\/uploads\/sites\/7\/2021\/04\/eventos-600x338-2.jpg\" class=\"attachment-full size-full\" alt=\"\" srcset=\"https:\/\/rsrevista.org\/edicion97\/wp-content\/uploads\/sites\/7\/2021\/04\/eventos-600x338-2.jpg 600w, https:\/\/rsrevista.org\/edicion97\/wp-content\/uploads\/sites\/7\/2021\/04\/eventos-600x338-2-300x169.jpg 300w\" sizes=\"(max-width: 600px) 100vw, 600px\" \/><\/a><\/div>[\/vc_column][vc_column width=\u00bb1\/3&#8243; css=\u00bb.vc_custom_1596303236945{background-position: center !important;background-repeat: no-repeat !important;background-size: cover !important;}\u00bb]<div class=\"eut-element eut-image eut-align-center\" style=\"\"><a href=\"https:\/\/rsrevista.org\/edicion97\/francisco-vera-20220428\/\" target=\"_self\" class=\" \"><img loading=\"lazy\" decoding=\"async\" width=\"1920\" height=\"1080\" src=\"https:\/\/rsrevista.org\/edicion97\/wp-content\/uploads\/sites\/7\/2022\/04\/PERSONAJE-RS-971-1.png\" class=\"attachment-full size-full\" alt=\"\" srcset=\"https:\/\/rsrevista.org\/edicion97\/wp-content\/uploads\/sites\/7\/2022\/04\/PERSONAJE-RS-971-1.png 1920w, https:\/\/rsrevista.org\/edicion97\/wp-content\/uploads\/sites\/7\/2022\/04\/PERSONAJE-RS-971-1-300x169.png 300w, https:\/\/rsrevista.org\/edicion97\/wp-content\/uploads\/sites\/7\/2022\/04\/PERSONAJE-RS-971-1-1024x576.png 1024w, https:\/\/rsrevista.org\/edicion97\/wp-content\/uploads\/sites\/7\/2022\/04\/PERSONAJE-RS-971-1-768x432.png 768w, https:\/\/rsrevista.org\/edicion97\/wp-content\/uploads\/sites\/7\/2022\/04\/PERSONAJE-RS-971-1-1536x864.png 1536w, https:\/\/rsrevista.org\/edicion97\/wp-content\/uploads\/sites\/7\/2022\/04\/PERSONAJE-RS-971-1-1170x658.png 1170w, https:\/\/rsrevista.org\/edicion97\/wp-content\/uploads\/sites\/7\/2022\/04\/PERSONAJE-RS-971-1-800x450.png 800w\" sizes=\"(max-width: 1920px) 100vw, 1920px\" \/><\/a><\/div>[\/vc_column][\/vc_row]<\/p>\n<\/section>","protected":false},"excerpt":{"rendered":"<p>[vc_row heading_color=\u00bblight\u00bb section_type=\u00bbfullwidth\u00bb bg_type=\u00bbcolor\u00bb padding_top_multiplier=\u00bbcustom\u00bb padding_bottom_multiplier=\u00bb\u00bb columns_gap=\u00bbnone\u00bb padding_top=\u00bb30&#8243; font_color=\u00bbrgba(255,255,255,0.8)\u00bb bg_color=\u00bb#212325&#8243;][vc_column][\/vc_column][\/vc_row][vc_row section_type=\u00bbfullwidth\u00bb][vc_column width=\u00bb1\/3&#8243; css=\u00bb.vc_custom_1596303111450{background-position: center !important;background-repeat: no-repeat !important;background-size: cover !important;}\u00bb][\/vc_column][vc_column width=\u00bb1\/3&#8243; css=\u00bb.vc_custom_1596303217200{background-position: center !important;background-repeat: no-repeat !important;background-size: cover !important;}\u00bb][\/vc_column][vc_column width=\u00bb1\/3&#8243; css=\u00bb.vc_custom_1596303236945{background-position: center !important;background-repeat: no-repeat !important;background-size: cover !important;}\u00bb][\/vc_column][\/vc_row][vc_row section_type=\u00bbfullwidth\u00bb][vc_column width=\u00bb1\/3&#8243; css=\u00bb.vc_custom_1596303111450{background-position: center !important;background-repeat: no-repeat !important;background-size: cover !important;}\u00bb][\/vc_column][vc_column width=\u00bb1\/3&#8243; css=\u00bb.vc_custom_1596303217200{background-position: center !important;background-repeat: no-repeat !important;background-size: cover !important;}\u00bb][\/vc_column][vc_column width=\u00bb1\/3&#8243; css=\u00bb.vc_custom_1596303236945{background-position: center [&hellip;]<\/p>\n","protected":false},"author":1,"featured_media":5448,"parent":0,"menu_order":0,"comment_status":"closed","ping_status":"closed","template":"","meta":{"footnotes":""},"class_list":["post-1886","page","type-page","status-publish","has-post-thumbnail","hentry"],"yoast_head":"<!-- This site is optimized with the Yoast SEO plugin v23.9 - https:\/\/yoast.com\/wordpress\/plugins\/seo\/ -->\n<title>Revista RS - Edici\u00f3n 97<\/title>\n<meta name=\"description\" content=\"Especial: Gesti\u00f3n Humana con Enfoque en Sostenibilidad. Toni Nadal.\" \/>\n<meta name=\"robots\" content=\"index, follow, max-snippet:-1, max-image-preview:large, max-video-preview:-1\" \/>\n<link rel=\"canonical\" href=\"https:\/\/rsrevista.org\/edicion97\/\" \/>\n<meta property=\"og:locale\" content=\"es_ES\" \/>\n<meta property=\"og:type\" content=\"article\" \/>\n<meta property=\"og:title\" content=\"Revista RS - Edici\u00f3n 97\" \/>\n<meta property=\"og:description\" content=\"Especial: Gesti\u00f3n Humana con Enfoque en Sostenibilidad. Toni Nadal.\" \/>\n<meta property=\"og:url\" content=\"https:\/\/rsrevista.org\/edicion97\/\" \/>\n<meta property=\"og:site_name\" content=\"Revista RS Edici\u00f3n 97\" \/>\n<meta property=\"article:modified_time\" content=\"2022-05-06T02:22:52+00:00\" \/>\n<meta property=\"og:image\" content=\"https:\/\/rsrevista.org\/edicion97\/wp-content\/uploads\/sites\/7\/2020\/10\/banner-home-1.png\" \/>\n\t<meta property=\"og:image:width\" content=\"1920\" \/>\n\t<meta property=\"og:image:height\" content=\"1080\" \/>\n\t<meta property=\"og:image:type\" content=\"image\/png\" \/>\n<meta name=\"twitter:card\" content=\"summary_large_image\" \/>\n<meta name=\"twitter:label1\" content=\"Tiempo de lectura\" \/>\n\t<meta name=\"twitter:data1\" content=\"2 minutos\" \/>\n<script type=\"application\/ld+json\" class=\"yoast-schema-graph\">{\"@context\":\"https:\/\/schema.org\",\"@graph\":[{\"@type\":\"WebPage\",\"@id\":\"https:\/\/rsrevista.org\/edicion97\/\",\"url\":\"https:\/\/rsrevista.org\/edicion97\/\",\"name\":\"Revista RS - Edici\u00f3n 97\",\"isPartOf\":{\"@id\":\"https:\/\/rsrevista.org\/edicion97\/#website\"},\"primaryImageOfPage\":{\"@id\":\"https:\/\/rsrevista.org\/edicion97\/#primaryimage\"},\"image\":{\"@id\":\"https:\/\/rsrevista.org\/edicion97\/#primaryimage\"},\"thumbnailUrl\":\"https:\/\/rsrevista.org\/edicion97\/wp-content\/uploads\/sites\/7\/2022\/04\/Toni-Nadal-de-portada-Revista-RS-97.png\",\"datePublished\":\"2016-07-20T13:31:08+00:00\",\"dateModified\":\"2022-05-06T02:22:52+00:00\",\"description\":\"Especial: Gesti\u00f3n Humana con Enfoque en Sostenibilidad. Toni Nadal.\",\"breadcrumb\":{\"@id\":\"https:\/\/rsrevista.org\/edicion97\/#breadcrumb\"},\"inLanguage\":\"es\",\"potentialAction\":[{\"@type\":\"ReadAction\",\"target\":[\"https:\/\/rsrevista.org\/edicion97\/\"]}]},{\"@type\":\"ImageObject\",\"inLanguage\":\"es\",\"@id\":\"https:\/\/rsrevista.org\/edicion97\/#primaryimage\",\"url\":\"https:\/\/rsrevista.org\/edicion97\/wp-content\/uploads\/sites\/7\/2022\/04\/Toni-Nadal-de-portada-Revista-RS-97.png\",\"contentUrl\":\"https:\/\/rsrevista.org\/edicion97\/wp-content\/uploads\/sites\/7\/2022\/04\/Toni-Nadal-de-portada-Revista-RS-97.png\",\"width\":1920,\"height\":1081},{\"@type\":\"BreadcrumbList\",\"@id\":\"https:\/\/rsrevista.org\/edicion97\/#breadcrumb\",\"itemListElement\":[{\"@type\":\"ListItem\",\"position\":1,\"name\":\"Portada\",\"item\":\"https:\/\/rsrevista.org\/edicion97\/\"},{\"@type\":\"ListItem\",\"position\":2,\"name\":\"Inicio\"}]},{\"@type\":\"WebSite\",\"@id\":\"https:\/\/rsrevista.org\/edicion97\/#website\",\"url\":\"https:\/\/rsrevista.org\/edicion97\/\",\"name\":\"Revista RS Edici\u00f3n 97\",\"description\":\"Responsabilidad social y sostenibilidad\",\"potentialAction\":[{\"@type\":\"SearchAction\",\"target\":{\"@type\":\"EntryPoint\",\"urlTemplate\":\"https:\/\/rsrevista.org\/edicion97\/?s={search_term_string}\"},\"query-input\":{\"@type\":\"PropertyValueSpecification\",\"valueRequired\":true,\"valueName\":\"search_term_string\"}}],\"inLanguage\":\"es\"}]}<\/script>\n<!-- \/ Yoast SEO plugin. -->","yoast_head_json":{"title":"Revista RS - Edici\u00f3n 97","description":"Especial: Gesti\u00f3n Humana con Enfoque en Sostenibilidad. Toni Nadal.","robots":{"index":"index","follow":"follow","max-snippet":"max-snippet:-1","max-image-preview":"max-image-preview:large","max-video-preview":"max-video-preview:-1"},"canonical":"https:\/\/rsrevista.org\/edicion97\/","og_locale":"es_ES","og_type":"article","og_title":"Revista RS - Edici\u00f3n 97","og_description":"Especial: Gesti\u00f3n Humana con Enfoque en Sostenibilidad. Toni Nadal.","og_url":"https:\/\/rsrevista.org\/edicion97\/","og_site_name":"Revista RS Edici\u00f3n 97","article_modified_time":"2022-05-06T02:22:52+00:00","og_image":[{"width":1920,"height":1080,"url":"https:\/\/rsrevista.org\/edicion97\/wp-content\/uploads\/sites\/7\/2020\/10\/banner-home-1.png","type":"image\/png"}],"twitter_card":"summary_large_image","twitter_misc":{"Tiempo de lectura":"2 minutos"},"schema":{"@context":"https:\/\/schema.org","@graph":[{"@type":"WebPage","@id":"https:\/\/rsrevista.org\/edicion97\/","url":"https:\/\/rsrevista.org\/edicion97\/","name":"Revista RS - Edici\u00f3n 97","isPartOf":{"@id":"https:\/\/rsrevista.org\/edicion97\/#website"},"primaryImageOfPage":{"@id":"https:\/\/rsrevista.org\/edicion97\/#primaryimage"},"image":{"@id":"https:\/\/rsrevista.org\/edicion97\/#primaryimage"},"thumbnailUrl":"https:\/\/rsrevista.org\/edicion97\/wp-content\/uploads\/sites\/7\/2022\/04\/Toni-Nadal-de-portada-Revista-RS-97.png","datePublished":"2016-07-20T13:31:08+00:00","dateModified":"2022-05-06T02:22:52+00:00","description":"Especial: Gesti\u00f3n Humana con Enfoque en Sostenibilidad. Toni Nadal.","breadcrumb":{"@id":"https:\/\/rsrevista.org\/edicion97\/#breadcrumb"},"inLanguage":"es","potentialAction":[{"@type":"ReadAction","target":["https:\/\/rsrevista.org\/edicion97\/"]}]},{"@type":"ImageObject","inLanguage":"es","@id":"https:\/\/rsrevista.org\/edicion97\/#primaryimage","url":"https:\/\/rsrevista.org\/edicion97\/wp-content\/uploads\/sites\/7\/2022\/04\/Toni-Nadal-de-portada-Revista-RS-97.png","contentUrl":"https:\/\/rsrevista.org\/edicion97\/wp-content\/uploads\/sites\/7\/2022\/04\/Toni-Nadal-de-portada-Revista-RS-97.png","width":1920,"height":1081},{"@type":"BreadcrumbList","@id":"https:\/\/rsrevista.org\/edicion97\/#breadcrumb","itemListElement":[{"@type":"ListItem","position":1,"name":"Portada","item":"https:\/\/rsrevista.org\/edicion97\/"},{"@type":"ListItem","position":2,"name":"Inicio"}]},{"@type":"WebSite","@id":"https:\/\/rsrevista.org\/edicion97\/#website","url":"https:\/\/rsrevista.org\/edicion97\/","name":"Revista RS Edici\u00f3n 97","description":"Responsabilidad social y sostenibilidad","potentialAction":[{"@type":"SearchAction","target":{"@type":"EntryPoint","urlTemplate":"https:\/\/rsrevista.org\/edicion97\/?s={search_term_string}"},"query-input":{"@type":"PropertyValueSpecification","valueRequired":true,"valueName":"search_term_string"}}],"inLanguage":"es"}]}},"_links":{"self":[{"href":"https:\/\/rsrevista.org\/edicion97\/wp-json\/wp\/v2\/pages\/1886"}],"collection":[{"href":"https:\/\/rsrevista.org\/edicion97\/wp-json\/wp\/v2\/pages"}],"about":[{"href":"https:\/\/rsrevista.org\/edicion97\/wp-json\/wp\/v2\/types\/page"}],"author":[{"embeddable":true,"href":"https:\/\/rsrevista.org\/edicion97\/wp-json\/wp\/v2\/users\/1"}],"replies":[{"embeddable":true,"href":"https:\/\/rsrevista.org\/edicion97\/wp-json\/wp\/v2\/comments?post=1886"}],"version-history":[{"count":53,"href":"https:\/\/rsrevista.org\/edicion97\/wp-json\/wp\/v2\/pages\/1886\/revisions"}],"predecessor-version":[{"id":5371,"href":"https:\/\/rsrevista.org\/edicion97\/wp-json\/wp\/v2\/pages\/1886\/revisions\/5371"}],"wp:featuredmedia":[{"embeddable":true,"href":"https:\/\/rsrevista.org\/edicion97\/wp-json\/wp\/v2\/media\/5448"}],"wp:attachment":[{"href":"https:\/\/rsrevista.org\/edicion97\/wp-json\/wp\/v2\/media?parent=1886"}],"curies":[{"name":"wp","href":"https:\/\/api.w.org\/{rel}","templated":true}]}}